{"id":356,"date":"2025-12-16T15:55:11","date_gmt":"2025-12-16T15:55:11","guid":{"rendered":"https:\/\/nutriiva.es\/?page_id=356"},"modified":"2025-12-18T10:29:13","modified_gmt":"2025-12-18T10:29:13","slug":"politica-de-proteccion-de-datos","status":"publish","type":"page","link":"https:\/\/nutriiva.es\/en\/politica-de-proteccion-de-datos\/","title":{"rendered":"Pol\u00edtica de Protecci\u00f3n de datos"},"content":{"rendered":"<div data-elementor-type=\"wp-page\" data-elementor-id=\"356\" class=\"elementor elementor-356\" data-elementor-post-type=\"page\">\n\t\t\t\t<div class=\"elementor-element elementor-element-7c7a1f1c e-flex e-con-boxed e-con e-parent\" data-id=\"7c7a1f1c\" data-element_type=\"container\" data-e-type=\"container\">\n\t\t\t\t\t<div class=\"e-con-inner\">\n\t\t\t\t<div class=\"elementor-element elementor-element-951b5f5 elementor-widget elementor-widget-heading\" data-id=\"951b5f5\" data-element_type=\"widget\" data-e-type=\"widget\" data-widget_type=\"heading.default\">\n\t\t\t\t\t<h2 class=\"elementor-heading-title elementor-size-default\">Pol\u00edtica de Protecci\u00f3n de datos<\/h2>\t\t\t\t<\/div>\n\t\t\t\t<div class=\"elementor-element elementor-element-3ca6a06e elementor-widget elementor-widget-text-editor\" data-id=\"3ca6a06e\" data-element_type=\"widget\" data-e-type=\"widget\" data-widget_type=\"text-editor.default\">\n\t\t\t\t\t\t\t\t\t<hr class=\"wp-block-separator has-alpha-channel-opacity\" \/>\n<h3 class=\"wp-block-heading\">1. RESPONSABLE DEL TRATAMIENTO<\/h3>\n\n<h5 class=\"wp-block-heading\">A. Datos de identificaci\u00f3n y contacto<\/h5>\n\n<p>El responsable de los datos recabados a trav\u00e9s de este sitio web es:<\/p>\n\n<p><strong>LAURA SAS BARBEITO<\/strong><br \/>Correo electr\u00f3nico: <strong><a>nutriivanutriciondeportiva@gmail.com<\/a><\/strong><br \/>Tel\u00e9fono: <strong>608 627 010<\/strong><\/p>\n\n<h5 class=\"wp-block-heading\">B. Delegado de Protecci\u00f3n de Datos<\/h5>\n\n<p>De conformidad con la normativa vigente, <strong>no se ha designado Delegado de Protecci\u00f3n de Datos<\/strong>, al no ser obligatorio para la actividad desarrollada.<\/p>\n<hr class=\"wp-block-separator has-alpha-channel-opacity\" \/>\n<h3 class=\"wp-block-heading\">2. FINALIDAD DEL TRATAMIENTO<\/h3>\n\n<h5 class=\"wp-block-heading\">A. Descripci\u00f3n de los fines del tratamiento<\/h5>\n\n<p>Los datos personales recabados a trav\u00e9s del sitio web ser\u00e1n tratados con las siguientes finalidades:<\/p>\n\n<ul class=\"wp-block-list\">\n<li>Publicidad y prospecci\u00f3n comercial.<\/li>\n\n<li>Gesti\u00f3n de solicitudes, consultas o peticiones realizadas por el usuario.<\/li>\n<\/ul>\n\n<h5 class=\"wp-block-heading\">B. Plazo de conservaci\u00f3n de los datos<\/h5>\n\n<p>Los datos se conservar\u00e1n durante el tiempo necesario para atender la solicitud del usuario y para cumplir con las obligaciones legales aplicables.<\/p>\n\n<p>Asimismo, los datos podr\u00e1n conservarse durante los plazos exigidos por las distintas normativas legales que resulten de aplicaci\u00f3n.<\/p>\n\n<h5 class=\"wp-block-heading\">C. Decisiones automatizadas<\/h5>\n\n<p>Los datos recogidos a trav\u00e9s de la p\u00e1gina web <strong>no ser\u00e1n utilizados para la elaboraci\u00f3n de perfiles ni para la toma de decisiones automatizadas<\/strong>.<\/p>\n<hr class=\"wp-block-separator has-alpha-channel-opacity\" \/>\n<h3 class=\"wp-block-heading\">3. LEGITIMACI\u00d3N DEL TRATAMIENTO<\/h3>\n\n<h5 class=\"wp-block-heading\">A. Legislaci\u00f3n aplicable<\/h5>\n\n<p>El tratamiento de los datos personales se realiza conforme a lo dispuesto en:<\/p>\n\n<ul class=\"wp-block-list\">\n<li>Reglamento (UE) 2016\/679, de 27 de abril de 2016 (RGPD).<\/li>\n\n<li>Ley Org\u00e1nica 3\/2018, de 5 de diciembre, de Protecci\u00f3n de Datos Personales y garant\u00eda de los derechos digitales.<\/li>\n\n<li>Ley 34\/2002, de 11 de julio, de Servicios de la Sociedad de la Informaci\u00f3n y del Comercio Electr\u00f3nico (LSSI-CE).<\/li>\n<\/ul>\n\n<h5 class=\"wp-block-heading\">B. Base jur\u00eddica del tratamiento<\/h5>\n\n<p>La base legal para el tratamiento de los datos es el <strong>consentimiento del interesado<\/strong>, conforme al art\u00edculo 6.1.a del RGPD.<\/p>\n\n<h5 class=\"wp-block-heading\">C. Obligaci\u00f3n de facilitar los datos<\/h5>\n\n<p>El usuario no est\u00e1 obligado a facilitar sus datos personales. No obstante, su no aportaci\u00f3n puede impedir la correcta gesti\u00f3n de las solicitudes o peticiones realizadas a trav\u00e9s del sitio web.<\/p>\n<hr class=\"wp-block-separator has-alpha-channel-opacity\" \/>\n<h3 class=\"wp-block-heading\">4. DESTINATARIOS DE LOS DATOS<\/h3>\n\n<h5 class=\"wp-block-heading\">A. Destinatarios<\/h5>\n\n<p>En determinados casos, ser\u00e1 necesario facilitar los datos personales a terceros para cumplir con las finalidades descritas en esta pol\u00edtica, tales como:<\/p>\n\n<ul class=\"wp-block-list\">\n<li>Empresas proveedoras de servicios de la sociedad de la informaci\u00f3n.<\/li>\n<\/ul>\n\n<p>Estos terceros \u00fanicamente acceder\u00e1n a los datos estrictamente necesarios para la prestaci\u00f3n del servicio contratado.<\/p>\n\n<p>Asimismo, los datos podr\u00e1n ser comunicados a la Administraci\u00f3n P\u00fablica cuando sea necesario para el cumplimiento de obligaciones legales o para la atenci\u00f3n de posibles responsabilidades legales.<\/p>\n\n<h5 class=\"wp-block-heading\">B. Decisiones de adecuaci\u00f3n y garant\u00edas<\/h5>\n\n<p>No existen decisiones de adecuaci\u00f3n, garant\u00edas adicionales ni normas corporativas vinculantes aplicables.<\/p>\n\n<h5 class=\"wp-block-heading\">C. Transferencias internacionales<\/h5>\n\n<p>No se realizan transferencias internacionales de datos.<\/p>\n<hr class=\"wp-block-separator has-alpha-channel-opacity\" \/>\n<h3 class=\"wp-block-heading\">5. DERECHOS DEL INTERESADO<\/h3>\n\n<p>El interesado podr\u00e1 ejercer los siguientes derechos:<\/p>\n\n<ul class=\"wp-block-list\">\n<li>Acceso<\/li>\n\n<li>Rectificaci\u00f3n<\/li>\n\n<li>Supresi\u00f3n<\/li>\n\n<li>Portabilidad<\/li>\n\n<li>Limitaci\u00f3n del tratamiento<\/li>\n\n<li>Oposici\u00f3n<\/li>\n\n<li>Retirada del consentimiento en cualquier momento<\/li>\n<\/ul>\n\n<p>La retirada del consentimiento no afectar\u00e1 a la licitud del tratamiento basado en el consentimiento previo.<\/p>\n\n<p>Para ejercer estos derechos, el usuario podr\u00e1 enviar una solicitud al correo electr\u00f3nico <strong><a>nutriivanutriciondeportiva@gmail.com<\/a><\/strong>.<br \/>En determinados casos, podr\u00e1 solicitarse informaci\u00f3n adicional para verificar la identidad del solicitante.<\/p>\n\n<p>Asimismo, el interesado podr\u00e1 presentar una reclamaci\u00f3n ante la <strong>Agencia Espa\u00f1ola de Protecci\u00f3n de Datos<\/strong> a trav\u00e9s de su p\u00e1gina web: <strong><a href=\"http:\/\/www.aepd.es\">www.aepd.es<\/a><\/strong>.<\/p>\n<hr class=\"wp-block-separator has-alpha-channel-opacity\" \/>\n<h3 class=\"wp-block-heading\">6. PROCEDENCIA DE LOS DATOS<\/h3>\n\n<h5 class=\"wp-block-heading\">A. Origen de los datos<\/h5>\n\n<p>Los datos personales son facilitados directamente por el propio interesado.<\/p>\n\n<h5 class=\"wp-block-heading\">B. Categor\u00edas de datos tratados<\/h5>\n\n<ul class=\"wp-block-list\">\n<li>Nombre y apellidos<\/li>\n\n<li>Tel\u00e9fono<\/li>\n\n<li>Correo electr\u00f3nico<\/li>\n<\/ul>\n<hr class=\"wp-block-separator has-alpha-channel-opacity\" \/>\n<p>Si quieres, en el siguiente mensaje puedo:<\/p>\n\n<ul class=\"wp-block-list\">\n<li>Ajustarlo exactamente al <strong>formato legal recomendado por la AEPD<\/strong><\/li>\n\n<li>Revisar coherencia con tu <strong>Aviso Legal y Cookies<\/strong><\/li>\n\n<li>Prepararte una versi\u00f3n espec\u00edfica para <strong>formularios de contacto<\/strong> o <strong>newsletter<\/strong><\/li>\n<\/ul>\n\t\t\t\t\t\t\t\t<\/div>\n\t\t\t\t\t<\/div>\n\t\t\t\t<\/div>\n\t\t\t\t<\/div>","protected":false},"excerpt":{"rendered":"<p>Pol\u00edtica de Protecci\u00f3n de datos 1. RESPONSABLE DEL TRATAMIENTO A. Datos de identificaci\u00f3n y contacto El responsable de los datos recabados a trav\u00e9s de este sitio web es: LAURA SAS BARBEITOCorreo electr\u00f3nico: nutriivanutriciondeportiva@gmail.comTel\u00e9fono: 608 627 010 B. Delegado de Protecci\u00f3n de Datos De conformidad con la normativa vigente, no se ha designado Delegado de Protecci\u00f3n [&hellip;]<\/p>\n","protected":false},"author":1,"featured_media":0,"parent":0,"menu_order":0,"comment_status":"closed","ping_status":"closed","template":"","meta":{"footnotes":""},"class_list":["post-356","page","type-page","status-publish","hentry"],"_links":{"self":[{"href":"https:\/\/nutriiva.es\/en\/wp-json\/wp\/v2\/pages\/356","targetHints":{"allow":["GET"]}}],"collection":[{"href":"https:\/\/nutriiva.es\/en\/wp-json\/wp\/v2\/pages"}],"about":[{"href":"https:\/\/nutriiva.es\/en\/wp-json\/wp\/v2\/types\/page"}],"author":[{"embeddable":true,"href":"https:\/\/nutriiva.es\/en\/wp-json\/wp\/v2\/users\/1"}],"replies":[{"embeddable":true,"href":"https:\/\/nutriiva.es\/en\/wp-json\/wp\/v2\/comments?post=356"}],"version-history":[{"count":11,"href":"https:\/\/nutriiva.es\/en\/wp-json\/wp\/v2\/pages\/356\/revisions"}],"predecessor-version":[{"id":401,"href":"https:\/\/nutriiva.es\/en\/wp-json\/wp\/v2\/pages\/356\/revisions\/401"}],"wp:attachment":[{"href":"https:\/\/nutriiva.es\/en\/wp-json\/wp\/v2\/media?parent=356"}],"curies":[{"name":"wp","href":"https:\/\/api.w.org\/{rel}","templated":true}]}}